{"id":2,"date":"2013-03-01T08:09:05","date_gmt":"2013-03-01T07:09:05","guid":{"rendered":"https:\/\/www.infanterix.de\/?page_id=2"},"modified":"2022-07-14T10:47:20","modified_gmt":"2022-07-14T08:47:20","slug":"willkommen","status":"publish","type":"page","link":"https:\/\/www.infanterix.de\/fr\/","title":{"rendered":"Home"},"content":{"rendered":"<div style=\"margin-top:15px;margin-bottom:15px;\" class=\"separator transparent\"><\/div>\n<script type=\"text\/javascript\">jQuery(function() { _initLayerSlider( '#layerslider_12_1co2xl0q9lh3m', {sliderVersion: '6.1.0', type: 'fullwidth', allowFullscreen: true, pauseOnHover: 'enabled', skin: 'v6', sliderFadeInDuration: 350, navPrevNext: false, navStartStop: false, useSrcset: true, skinsPath: 'https:\/\/www.infanterix.de\/wp-content\/plugins\/LayerSlider\/assets\/static\/layerslider\/skins\/', performanceMode: true}); });<\/script><div id=\"layerslider_12_1co2xl0q9lh3m\"  class=\"ls-wp-container fitvidsignore ls-selectable\" style=\"width:1100px;height:455px;margin:0 auto;margin-bottom: 0px;\"><div class=\"ls-slide\" data-ls=\"bgsize:contain;bgposition:50% 100%;bgcolor:#ecfae6;duration:5000;\"><img fetchpriority=\"high\" decoding=\"async\" width=\"1200\" height=\"750\" src=\"https:\/\/www.infanterix.de\/wp-content\/uploads\/2017\/08\/Ernaehrung_neu.png\" class=\"ls-bg\" alt=\"\" srcset=\"https:\/\/www.infanterix.de\/wp-content\/uploads\/2017\/08\/Ernaehrung_neu.png 1200w, https:\/\/www.infanterix.de\/wp-content\/uploads\/2017\/08\/Ernaehrung_neu-400x250.png 400w, https:\/\/www.infanterix.de\/wp-content\/uploads\/2017\/08\/Ernaehrung_neu-768x480.png 768w, https:\/\/www.infanterix.de\/wp-content\/uploads\/2017\/08\/Ernaehrung_neu-1000x625.png 1000w\" sizes=\"(max-width: 1200px) 100vw, 1200px\" \/><p style=\"top:0px;left:820px;text-align:initial;font-weight:400;font-style:normal;text-decoration:none;width:280px;height:280px;\" class=\"ls-l ls-text-layer\" data-ls=\"showinfo:1;position:relative;\"><img decoding=\"async\" src=\"https:\/\/www.infanterix.de\/wp-content\/uploads\/2017\/09\/Kreis-Ern%C3%A4hrung_fr.png\" class=\"ls-layer\" alt=\"\" style=\"top: 0px; left: 820px; width: 280px; height: 280px;\"><\/p><img decoding=\"async\" width=\"236\" height=\"236\" src=\"https:\/\/www.infanterix.de\/wp-content\/uploads\/Logo-Blatt.png\" class=\"ls-l ls-img-layer\" alt=\"\" srcset=\"https:\/\/www.infanterix.de\/wp-content\/uploads\/Logo-Blatt.png 236w, https:\/\/www.infanterix.de\/wp-content\/uploads\/Logo-Blatt-185x185.png 185w\" sizes=\"(max-width: 236px) 100vw, 236px\" style=\"top:270px;left:50px;text-align:initial;font-weight:400;font-style:normal;text-decoration:none;width:150px;height:150px;\" data-ls=\"showinfo:1;delayin:300;position:relative;\"><p style=\"top:350px;left:740px;text-align:initial;font-weight:400;font-style:normal;text-decoration:none;font-size:16px;\" class=\"ls-l ls-text-layer\" data-ls=\"showinfo:1;delayin:1000;position:relative;\">\u2022 Les produits bio<\/p><p style=\"top:380px;left:740px;text-align:initial;font-weight:400;font-style:normal;text-decoration:none;font-size:16px;\" class=\"ls-l ls-text-layer\" data-ls=\"showinfo:1;delayin:1500;position:relative;\">\u2022 Une offre alimentaire de haute qualit\u00e9<\/p><\/div><div class=\"ls-slide\" data-ls=\"bgsize:auto;bgposition:0% 0%;bgcolor:#f8f8f8;duration:5000;\"><img decoding=\"async\" width=\"1181\" height=\"750\" src=\"https:\/\/www.infanterix.de\/wp-content\/uploads\/2017\/08\/Eingewoehnung.png\" class=\"ls-bg\" alt=\"\" srcset=\"https:\/\/www.infanterix.de\/wp-content\/uploads\/2017\/08\/Eingewoehnung.png 1181w, https:\/\/www.infanterix.de\/wp-content\/uploads\/2017\/08\/Eingewoehnung-400x254.png 400w, https:\/\/www.infanterix.de\/wp-content\/uploads\/2017\/08\/Eingewoehnung-768x488.png 768w, https:\/\/www.infanterix.de\/wp-content\/uploads\/2017\/08\/Eingewoehnung-1000x635.png 1000w\" sizes=\"(max-width: 1181px) 100vw, 1181px\" \/><div style=\"top:20px;left:751px;text-align:initial;font-weight:400;font-style:normal;text-decoration:none;width:280px;height:280px;\" class=\"ls-l ls-html-layer\" data-ls=\"showinfo:1;position:relative;\"><img decoding=\"async\" src=\"https:\/\/www.infanterix.de\/wp-content\/uploads\/2017\/09\/Kreis-Eingew%C3%B6hnung_fr.png\" class=\"ls-layer\" alt=\"\" style=\"top: 20px; left: 751px; width: 280px; height: 280px;\"><\/div><p style=\"top:300px;left:600px;text-align:initial;font-weight:400;font-style:normal;text-decoration:none;font-size:16px;\" class=\"ls-l ls-text-layer\" data-ls=\"showinfo:1;delayin:500;position:relative;\">\u2022 L\u2019implication de tous les acteurs<\/p><p style=\"top:330px;left:500px;text-align:initial;font-weight:400;font-style:normal;text-decoration:none;font-size:16px;\" class=\"ls-l ls-text-layer\" data-ls=\"showinfo:1;delayin:1000;position:relative;\">\u2022 Instaurer une relation de confiance, pas \u00e0 pas, avec le nouvel environnement<\/p><p style=\"top:360px;left:702px;text-align:initial;font-weight:400;font-style:normal;text-decoration:none;font-size:16px;\" class=\"ls-l ls-text-layer\" data-ls=\"showinfo:1;delayin:1500;position:relative;\">\u2022 La phase d\u2019adaptation selon INFANS<\/p><\/div><div class=\"ls-slide\" data-ls=\"bgsize:auto;bgcolor:#f5e2e2;duration:5000;\"><img loading=\"lazy\" decoding=\"async\" width=\"1417\" height=\"1000\" src=\"https:\/\/www.infanterix.de\/wp-content\/uploads\/2017\/09\/Vorschule_neu.png\" class=\"ls-bg\" alt=\"\" srcset=\"https:\/\/www.infanterix.de\/wp-content\/uploads\/2017\/09\/Vorschule_neu.png 1417w, https:\/\/www.infanterix.de\/wp-content\/uploads\/2017\/09\/Vorschule_neu-400x282.png 400w, https:\/\/www.infanterix.de\/wp-content\/uploads\/2017\/09\/Vorschule_neu-768x542.png 768w, https:\/\/www.infanterix.de\/wp-content\/uploads\/2017\/09\/Vorschule_neu-1000x706.png 1000w\" sizes=\"(max-width: 1417px) 100vw, 1417px\" \/><div style=\"top:172px;left:811px;text-align:initial;font-weight:400;font-style:normal;text-decoration:none;\" class=\"ls-l ls-html-layer\" data-ls=\"showinfo:1;durationin:2000;delayin:300;position:relative;\"><img decoding=\"async\" src=\"https:\/\/www.infanterix.de\/wp-content\/uploads\/2017\/09\/Kreis-Vorschule_fr.png\" class=\"ls-layer\" alt=\"\" style=\"top: 172px; left: 811px; width: 280px; height: 280px;\"><\/div><p style=\"top:100px;left:600px;text-align:initial;font-weight:400;font-style:normal;text-decoration:none;font-size:16px;\" class=\"ls-l ls-text-layer\" data-ls=\"showinfo:1;durationin:2000;delayin:1000;position:relative;\">\u2022 Acqu\u00e9rir les comp\u00e9tences de base scolaires<\/p><p style=\"top:130px;left:400px;text-align:initial;font-weight:400;font-style:normal;text-decoration:none;font-size:16px;\" class=\"ls-l ls-text-layer\" data-ls=\"showinfo:1;durationin:2000;delayin:1700;position:relative;\">\u2022 Coop\u00e9ration avec les \u00e9coles \u00e9l\u00e9mentaires et le Minist\u00e8re de la formation et de la culture bavarois<\/p><p style=\"top:160px;left:500px;text-align:initial;font-weight:400;font-style:normal;text-decoration:none;font-size:16px;\" class=\"ls-l ls-text-layer\" data-ls=\"showinfo:1;durationin:2000;delayin:2400;position:relative;\">\u2022 Dispenser des apprentissages pr\u00e9scolaires en derni\u00e8re ann\u00e9e de jardin d\u2019enfants<\/p><\/div><div class=\"ls-slide\" data-ls=\"bgsize:contain;bgcolor:#eaf6fc;duration:5000;\"><img loading=\"lazy\" decoding=\"async\" width=\"790\" height=\"689\" src=\"https:\/\/www.infanterix.de\/wp-content\/uploads\/2017\/10\/Bilingualit\u00e4t_neu.png\" class=\"ls-bg\" alt=\"\" srcset=\"https:\/\/www.infanterix.de\/wp-content\/uploads\/2017\/10\/Bilingualit\u00e4t_neu.png 790w, https:\/\/www.infanterix.de\/wp-content\/uploads\/2017\/10\/Bilingualit\u00e4t_neu-400x349.png 400w, https:\/\/www.infanterix.de\/wp-content\/uploads\/2017\/10\/Bilingualit\u00e4t_neu-768x670.png 768w\" sizes=\"(max-width: 790px) 100vw, 790px\" \/><img loading=\"lazy\" decoding=\"async\" width=\"280\" height=\"280\" src=\"https:\/\/www.infanterix.de\/wp-content\/uploads\/2017\/08\/Kreis-Elysee.png\" class=\"ls-l ls-img-layer\" alt=\"\" srcset=\"https:\/\/www.infanterix.de\/wp-content\/uploads\/2017\/08\/Kreis-Elysee.png 280w, https:\/\/www.infanterix.de\/wp-content\/uploads\/2017\/08\/Kreis-Elysee-200x200.png 200w\" sizes=\"(max-width: 280px) 100vw, 280px\" style=\"top:280px;left:120px;text-align:initial;font-weight:400;font-style:normal;text-decoration:none;width:150px;height:150px;\" data-ls=\"showinfo:1;delayin:300;position:relative;\"><img loading=\"lazy\" decoding=\"async\" width=\"280\" height=\"280\" src=\"https:\/\/www.infanterix.de\/wp-content\/uploads\/2017\/08\/Kreis-Bilingualit%C3%A4t.png\" class=\"ls-l ls-img-layer\" alt=\"\" srcset=\"https:\/\/www.infanterix.de\/wp-content\/uploads\/2017\/08\/Kreis-Bilingualit\u00e4t.png 280w, https:\/\/www.infanterix.de\/wp-content\/uploads\/2017\/08\/Kreis-Bilingualit\u00e4t-200x200.png 200w\" sizes=\"(max-width: 280px) 100vw, 280px\" style=\"top:157px;left:817px;text-align:initial;font-weight:400;font-style:normal;text-decoration:none;width:280px;\" data-ls=\"showinfo:1;position:relative;\"><p style=\"top:150px;left:50px;text-align:initial;font-weight:400;font-style:normal;text-decoration:none;font-size:16px;\" class=\"ls-l ls-text-layer\" data-ls=\"showinfo:1;delayin:1000;position:relative;\">\u2022 Bilingualit\u00e9<\/p><p style=\"top:180px;left:0px;text-align:initial;font-weight:400;font-style:normal;text-decoration:none;font-size:16px;\" class=\"ls-l ls-text-layer\" data-ls=\"showinfo:1;delayin:1500;position:relative;\">\u2022 Le c\u00f4toiement de diff\u00e9rentes cultures<\/p><div style=\"top:210px;left:50px;text-align:initial;font-weight:400;font-style:normal;text-decoration:none;font-size:16px;\" class=\"ls-l ls-html-layer\" data-ls=\"showinfo:1;delayin:2000;position:relative;\">\u2022 Des groupes anglo-allemands et franco-allemands<\/div><\/div><div class=\"ls-slide\" data-ls=\"bgsize:auto;bgcolor:#f8f8f8;duration:5000;\"><img loading=\"lazy\" decoding=\"async\" width=\"1701\" height=\"900\" src=\"https:\/\/www.infanterix.de\/wp-content\/uploads\/2017\/08\/Mathematische-Bildung_neu.png\" class=\"ls-bg\" alt=\"\" srcset=\"https:\/\/www.infanterix.de\/wp-content\/uploads\/2017\/08\/Mathematische-Bildung_neu.png 1701w, https:\/\/www.infanterix.de\/wp-content\/uploads\/2017\/08\/Mathematische-Bildung_neu-400x212.png 400w, https:\/\/www.infanterix.de\/wp-content\/uploads\/2017\/08\/Mathematische-Bildung_neu-768x406.png 768w, https:\/\/www.infanterix.de\/wp-content\/uploads\/2017\/08\/Mathematische-Bildung_neu-1000x529.png 1000w\" sizes=\"(max-width: 1701px) 100vw, 1701px\" \/><div style=\"top:0px;left:734px;text-align:initial;font-weight:400;font-style:normal;text-decoration:none;\" class=\"ls-l ls-html-layer\" data-ls=\"showinfo:1;position:relative;\"><img decoding=\"async\" src=\"https:\/\/www.infanterix.de\/wp-content\/uploads\/2017\/09\/Kreis-Mathematik_fr.png\" class=\"ls-layer\" alt=\"\" style=\"top: 0px; left: 734px; width: 280px; height: 280px;\"><\/div><p style=\"top:300px;left:450px;text-align:initial;font-weight:400;font-style:normal;text-decoration:none;font-size:16px;\" class=\"ls-l ls-text-layer\" data-ls=\"showinfo:1;delayin:500;position:relative;\">\u2022 S\u2019approprier les quantit\u00e9s, les formes, les masses, les longueurs et les dimensions<\/p><p style=\"top:330px;left:510px;text-align:initial;font-weight:400;font-style:normal;text-decoration:none;font-size:16px;\" class=\"ls-l ls-text-layer\" data-ls=\"showinfo:1;delayin:1000;position:relative;\">\u2022 Ordonner, trier et comparer des mat\u00e9riaux<\/p><p style=\"top:360px;left:570px;text-align:initial;font-weight:400;font-style:normal;text-decoration:none;font-size:16px;\" class=\"ls-l ls-text-layer\" data-ls=\"showinfo:1;delayin:1500;position:relative;\">\u2022 Reconna\u00eetre et nommer les chiffres et les nombres<\/p><\/div><div class=\"ls-slide\" data-ls=\"bgsize:auto;bgposition:100% 50%;bgcolor:#ecfae6;duration:5000;\"><img loading=\"lazy\" decoding=\"async\" width=\"1000\" height=\"520\" src=\"https:\/\/www.infanterix.de\/wp-content\/uploads\/2017\/08\/Gesundheitserziehung.png\" class=\"ls-bg\" alt=\"\" srcset=\"https:\/\/www.infanterix.de\/wp-content\/uploads\/2017\/08\/Gesundheitserziehung.png 1000w, https:\/\/www.infanterix.de\/wp-content\/uploads\/2017\/08\/Gesundheitserziehung-200x104.png 200w, https:\/\/www.infanterix.de\/wp-content\/uploads\/2017\/08\/Gesundheitserziehung-400x208.png 400w, https:\/\/www.infanterix.de\/wp-content\/uploads\/2017\/08\/Gesundheitserziehung-768x399.png 768w\" sizes=\"(max-width: 1000px) 100vw, 1000px\" \/><div style=\"top:-16px;left:-30px;text-align:initial;font-weight:400;font-style:normal;text-decoration:none;\" class=\"ls-l ls-html-layer\" data-ls=\"showinfo:1;position:relative;\"><img decoding=\"async\" src=\"https:\/\/www.infanterix.de\/wp-content\/uploads\/2017\/09\/Kreis-Gesundheit_fr.png\" class=\"ls-layer\" alt=\"\" style=\"top:-16px; left: -30px; width: 280px; height: 280px;\"><\/div><p style=\"top:320px;left:230px;text-align:initial;font-weight:400;font-style:normal;text-decoration:none;font-size:16px;\" class=\"ls-l ls-text-layer\" data-ls=\"showinfo:1;delayin:500;position:relative;\">\u2022 Le d\u00e9veloppement personnel et du bien-\u00eatre<\/p><p style=\"top:350px;left:200px;text-align:initial;font-weight:400;font-style:normal;text-decoration:none;font-size:16px;\" class=\"ls-l ls-text-layer\" data-ls=\"showinfo:1;delayin:1000;position:relative;\">\u2022 Acquisition des gestes simples pour une bonne hygi\u00e8ne personnelle<\/p><p style=\"top:380px;left:230px;text-align:initial;font-weight:400;font-style:normal;text-decoration:none;font-size:16px;\" class=\"ls-l ls-text-layer\" data-ls=\"showinfo:1;delayin:1500;position:relative;\">\u2022 Les soins bucco-dentaires<\/p><\/div><div class=\"ls-slide\" data-ls=\"bgsize:contain;bgposition:50% 50%;bgcolor:#eaf6fc;duration:5000;\"><img loading=\"lazy\" decoding=\"async\" width=\"1134\" height=\"1000\" src=\"https:\/\/www.infanterix.de\/wp-content\/uploads\/2017\/08\/Musikalische-Bildung_neu.png\" class=\"ls-bg\" alt=\"\" srcset=\"https:\/\/www.infanterix.de\/wp-content\/uploads\/2017\/08\/Musikalische-Bildung_neu.png 1134w, https:\/\/www.infanterix.de\/wp-content\/uploads\/2017\/08\/Musikalische-Bildung_neu-400x353.png 400w, https:\/\/www.infanterix.de\/wp-content\/uploads\/2017\/08\/Musikalische-Bildung_neu-768x677.png 768w, https:\/\/www.infanterix.de\/wp-content\/uploads\/2017\/08\/Musikalische-Bildung_neu-1000x882.png 1000w\" sizes=\"(max-width: 1134px) 100vw, 1134px\" \/><div style=\"top:160px;left:90px;text-align:initial;font-weight:400;font-style:normal;text-decoration:none;\" class=\"ls-l ls-html-layer\" data-ls=\"showinfo:1;position:relative;\"><img decoding=\"async\" src=\"https:\/\/www.infanterix.de\/wp-content\/uploads\/2017\/09\/Kreis-Musik_fr.png\" class=\"ls-layer\" alt=\"\" style=\"top:160px; left: 90px; width: 280px; height: 280px;\"><\/div><p style=\"top:90px;left:870px;text-align:initial;font-weight:400;font-style:normal;text-decoration:none;\" class=\"ls-l ls-text-layer\" data-ls=\"showinfo:1;delayin:500;position:relative;\">\u2022 Chansons et histoires sonores<\/p><p style=\"top:120px;left:900px;text-align:initial;font-weight:400;font-style:normal;text-decoration:none;\" class=\"ls-l ls-text-layer\" data-ls=\"showinfo:1;delayin:1000;position:relative;\">\u2022 Le plaisir musical<\/p><p style=\"top:150px;left:820px;text-align:initial;font-weight:400;font-style:normal;text-decoration:none;\" class=\"ls-l ls-text-layer\" data-ls=\"showinfo:1;delayin:1500;position:relative;\">\u2022 D\u00e9couverte instrumentale des sons<\/p><\/div><div class=\"ls-slide\" data-ls=\"bgsize:auto;bgposition:0% 50%;duration:5000;\"><img loading=\"lazy\" decoding=\"async\" width=\"1476\" height=\"650\" src=\"https:\/\/www.infanterix.de\/wp-content\/uploads\/2017\/08\/Aesthetik.jpg\" class=\"ls-bg\" alt=\"\" srcset=\"https:\/\/www.infanterix.de\/wp-content\/uploads\/2017\/08\/Aesthetik.jpg 1476w, https:\/\/www.infanterix.de\/wp-content\/uploads\/2017\/08\/Aesthetik-400x176.jpg 400w, https:\/\/www.infanterix.de\/wp-content\/uploads\/2017\/08\/Aesthetik-768x338.jpg 768w, https:\/\/www.infanterix.de\/wp-content\/uploads\/2017\/08\/Aesthetik-1000x440.jpg 1000w\" sizes=\"(max-width: 1476px) 100vw, 1476px\" \/><div style=\"top:-16px;left:838px;text-align:initial;font-weight:400;font-style:normal;text-decoration:none;\" class=\"ls-l ls-html-layer\" data-ls=\"showinfo:1;position:relative;\"><img decoding=\"async\" src=\"https:\/\/www.infanterix.de\/wp-content\/uploads\/2017\/09\/Kreis-Malen_fr.png\" class=\"ls-layer\" alt=\"\" style=\"top:-16px; left: 838px; width: 280px; height: 280px;\"><\/div><p style=\"top:250px;left:400px;text-align:initial;font-weight:400;font-style:normal;text-decoration:none;font-size:16px;\" class=\"ls-l ls-text-layer\" data-ls=\"showinfo:1;delayin:500;position:relative;\">\u2022 Le d\u00e9veloppement personnel et la sensibilit\u00e9 artistique<\/p><p style=\"top:280px;left:430px;text-align:initial;font-weight:400;font-style:normal;text-decoration:none;font-size:16px;\" class=\"ls-l ls-text-layer\" data-ls=\"showinfo:1;delayin:1000;position:relative;\">\u2022 D\u00e9velopper l\u2019envie et le plaisir de cr\u00e9er<\/p><p style=\"top:310px;left:460px;text-align:initial;font-weight:400;font-style:normal;text-decoration:none;font-size:16px;\" class=\"ls-l ls-text-layer\" data-ls=\"showinfo:1;delayin:1500;position:relative;\">\u2022 Apprendre \u00e0 conna\u00eetre les formes et les couleurs<\/p><\/div><div class=\"ls-slide\" data-ls=\"bgsize:contain;bgposition:50% 50%;bgcolor:#f5e2e2;duration:5000;\"><img loading=\"lazy\" decoding=\"async\" width=\"775\" height=\"1000\" src=\"https:\/\/www.infanterix.de\/wp-content\/uploads\/2017\/08\/Sprache-Literacy.png\" class=\"ls-bg\" alt=\"\" srcset=\"https:\/\/www.infanterix.de\/wp-content\/uploads\/2017\/08\/Sprache-Literacy.png 775w, https:\/\/www.infanterix.de\/wp-content\/uploads\/2017\/08\/Sprache-Literacy-155x200.png 155w, https:\/\/www.infanterix.de\/wp-content\/uploads\/2017\/08\/Sprache-Literacy-310x400.png 310w, https:\/\/www.infanterix.de\/wp-content\/uploads\/2017\/08\/Sprache-Literacy-768x991.png 768w\" sizes=\"(max-width: 775px) 100vw, 775px\" \/><div style=\"top:82px;left:818px;text-align:initial;font-weight:400;font-style:normal;text-decoration:none;\" class=\"ls-l ls-html-layer\" data-ls=\"showinfo:1;position:relative;\"><img decoding=\"async\" src=\"https:\/\/www.infanterix.de\/wp-content\/uploads\/2017\/09\/Kreis-Sprache_fr.png\" class=\"ls-layer\" alt=\"\" style=\"top:82px; left: 818px; width: 280px; height: 280px;\"><\/div><p style=\"top:100px;left:50px;text-align:initial;font-weight:400;font-style:normal;text-decoration:none;font-size:16px;\" class=\"ls-l ls-text-layer\" data-ls=\"showinfo:1;delayin:500;position:relative;\">\u2022 Jeux de doigts et comptines<\/p><p style=\"top:130px;left:80px;text-align:initial;font-weight:400;font-style:normal;text-decoration:none;font-size:16px;\" class=\"ls-l ls-text-layer\" data-ls=\"showinfo:1;delayin:1000;position:relative;\">\u2022 Lecture de livres<\/p><p style=\"top:160px;left:110px;text-align:initial;font-weight:400;font-style:normal;text-decoration:none;font-size:16px;\" class=\"ls-l ls-text-layer\" data-ls=\"showinfo:1;delayin:1500;position:relative;\">\u2022 Conter des histoires<\/p><p style=\"top:190px;left:140px;text-align:initial;font-weight:400;font-style:normal;text-decoration:none;font-size:16px;\" class=\"ls-l ls-text-layer\" data-ls=\"showinfo:1;delayin:2000;position:relative;\">\u2022 La ronde du matin et les temps d\u2019\u00e9change<\/p><\/div><div class=\"ls-slide\" data-ls=\"bgsize:auto;bgcolor:#f5e9f4;duration:5000;\"><img loading=\"lazy\" decoding=\"async\" width=\"700\" height=\"1000\" src=\"https:\/\/www.infanterix.de\/wp-content\/uploads\/2017\/08\/Naturwissenschaftliche-Bildung.png\" class=\"ls-bg\" alt=\"\" srcset=\"https:\/\/www.infanterix.de\/wp-content\/uploads\/2017\/08\/Naturwissenschaftliche-Bildung.png 700w, https:\/\/www.infanterix.de\/wp-content\/uploads\/2017\/08\/Naturwissenschaftliche-Bildung-140x200.png 140w, https:\/\/www.infanterix.de\/wp-content\/uploads\/2017\/08\/Naturwissenschaftliche-Bildung-280x400.png 280w\" sizes=\"(max-width: 700px) 100vw, 700px\" \/><div style=\"top:150px;left:0px;text-align:initial;font-weight:400;font-style:normal;text-decoration:none;\" class=\"ls-l ls-html-layer\" data-ls=\"showinfo:1;position:relative;\"><img decoding=\"async\" src=\"https:\/\/www.infanterix.de\/wp-content\/uploads\/2017\/09\/Kreis-Technik_fr.png\" class=\"ls-layer\" alt=\"\" style=\"top:150px; left: 0px; width: 280px; height: 280px;\"><\/div><p style=\"top:60px;left:650px;text-align:initial;font-weight:400;font-style:normal;text-decoration:none;font-size:16px;\" class=\"ls-l ls-text-layer\" data-ls=\"showinfo:1;delayin:500;position:relative;\">\u2022 Observation des processus dans la nature et l\u2019environnement<\/p><p style=\"top:90px;left:650px;text-align:initial;font-weight:400;font-style:normal;text-decoration:none;font-size:16px;\" class=\"ls-l ls-text-layer\" data-ls=\"showinfo:1;delayin:1000;position:relative;\">\u2022 Description des sensations<\/p><p style=\"top:120px;left:650px;text-align:initial;font-weight:400;font-style:normal;text-decoration:none;font-size:16px;\" class=\"ls-l ls-text-layer\" data-ls=\"showinfo:1;delayin:1500;position:relative;\">\u2022 Exp\u00e9rimentations<\/p><\/div><div class=\"ls-slide\" data-ls=\"bgsize:contain;bgcolor:#eaf6fc;duration:5000;\"><img loading=\"lazy\" decoding=\"async\" width=\"1000\" height=\"950\" src=\"https:\/\/www.infanterix.de\/wp-content\/uploads\/2017\/08\/Bewegungserziehung.png\" class=\"ls-bg\" alt=\"\" srcset=\"https:\/\/www.infanterix.de\/wp-content\/uploads\/2017\/08\/Bewegungserziehung.png 1000w, https:\/\/www.infanterix.de\/wp-content\/uploads\/2017\/08\/Bewegungserziehung-200x190.png 200w, https:\/\/www.infanterix.de\/wp-content\/uploads\/2017\/08\/Bewegungserziehung-400x380.png 400w, https:\/\/www.infanterix.de\/wp-content\/uploads\/2017\/08\/Bewegungserziehung-768x730.png 768w\" sizes=\"(max-width: 1000px) 100vw, 1000px\" \/><div style=\"top:10px;left:10px;text-align:initial;font-weight:400;font-style:normal;text-decoration:none;\" class=\"ls-l ls-html-layer\" data-ls=\"showinfo:1;position:relative;\"><img decoding=\"async\" src=\"https:\/\/www.infanterix.de\/wp-content\/uploads\/2017\/09\/Kreis-Bewegung_fr.png\" class=\"ls-layer\" alt=\"\" style=\"top:10px; left: 10px; width: 280px; height: 280px;\"><\/div><p style=\"top:100px;left:700px;text-align:initial;font-weight:400;font-style:normal;text-decoration:none;font-size:16px;\" class=\"ls-l ls-text-layer\" data-ls=\"showinfo:1;delayin:500;position:relative;\">\u2022 L'\u00e9veil moteur<\/p><p style=\"top:130px;left:640px;text-align:initial;font-weight:400;font-style:normal;text-decoration:none;font-size:16px;\" class=\"ls-l ls-text-layer\" data-ls=\"showinfo:1;delayin:1000;position:relative;\">\u2022 \u00c9valuer la conscience corporelle et la repr\u00e9sentation du corps<\/p><p style=\"top:160px;left:700px;text-align:initial;font-weight:400;font-style:normal;text-decoration:none;font-size:16px;\" class=\"ls-l ls-text-layer\" data-ls=\"showinfo:1;delayin:1500;position:relative;\">\u2022 Augmenter le bien-\u00eatre psycho-corporel<\/p><\/div><\/div>\n<section class='parallax'>\n<section id=\"1\" style=\"background-image:url(); background-color:#ffffff;\" data-height=\"\" data-title=\"...\"><div class=\"parallax_content center\">\n<div style=\"margin-top:40px;margin-bottom:30px;\" class=\"separator transparent\"><\/div>\n<h2>Nos structures<\/h2>\n<div style=\"margin-top:5px;margin-bottom:5px;\" class=\"separator transparent\"><\/div>\n<h3>Quelle est la structure id\u00e9ale pour vous et votre enfant?<\/h3>\n<div style=\"margin-top:35px;margin-bottom:35px;\" class=\"separator transparent\"><\/div>\n<div class=\"two_columns_50_50 clearfix\"><div class=\"column1\"><div class=\"column_inner\">\n<div class='element_from_left'><div>\n<p><img loading=\"lazy\" decoding=\"async\" class=\"alignnone size-medium wp-image-5688\" src=\"https:\/\/www.infanterix.de\/wp-content\/uploads\/2017\/10\/Einrichtungen.jpg\" alt=\"\" width=\"400\" height=\"267\" \/><\/p>\n<\/div><\/div>\n<\/div><\/div>\n<div class=\"column2\"><div class=\"column_inner\">\n<div style=\"margin-top:15px;margin-bottom:15px;\" class=\"separator transparent\"><\/div>\n<p style=\"text-align: left;\">Nous proposons plus de 1.200 places pour les enfants, de l&rsquo;\u00e2ge de 6 mois \u00e0 l&rsquo;entr\u00e9e \u00e0 l&rsquo;\u00e9cole. Horaires, \u00e9quipements, localisation&#8230; d\u00e9couvrez les atouts de chacune de nos structures en consultant leur pr\u00e9sentation d\u00e9taill\u00e9e.<\/p>\n<p style=\"text-align: left;\"><div style=\"margin-top:10px;margin-bottom:15px;\" class=\"separator transparent\"><\/div>\n<p style=\"text-align: left;\"><a href=\"https:\/\/www.infanterix.de\/fr\/einrichtungen\/\" target=\"_self\" class=\"button small  with_shadow\" style=\"\">Lire la suite<\/a>\n<\/div><\/div><\/div>\n<\/div><\/section>\n<div style=\"margin-top:70px;margin-bottom:0px;\" class=\"separator full_width\"><\/div>\n<section id=\"2\" style=\"background-image:url(); background-color:#f8f8f8;\" data-height=\"\" data-title=\"...\"><div class=\"parallax_content center\">\n<div style=\"margin-top:40px;margin-bottom:30px;\" class=\"separator transparent\"><\/div>\n<h2>\u00c0 propos de nous<\/h2>\n<div style=\"margin-top:5px;margin-bottom:5px;\" class=\"separator transparent\"><\/div>\n<h3>Les moments cl\u00e9s de l\u2019histoire d\u2019Infanterix et les personnes qui ont contribu\u00e9 \u00e0 sa r\u00e9ussite<\/h3>\n<div style=\"margin-top:35px;margin-bottom:35px;\" class=\"separator transparent\"><\/div>\n<div class=\"two_columns_50_50 clearfix\"><div class=\"column1\"><div class=\"column_inner\">\n<div style=\"margin-top:15px;margin-bottom:15px;\" class=\"separator transparent\"><\/div>\n<p style=\"text-align: left;\">Infanterix, c&rsquo;est plus de 10 ans d&rsquo;exp\u00e9rience dans la cr\u00e9ation et l&rsquo;animation de structures bilingues. D\u00e9couvrez son histoire et les personnes cl\u00e9s dans sa dynamique de croissance.<\/p>\n<p style=\"text-align: left;\"><div style=\"margin-top:10px;margin-bottom:15px;\" class=\"separator transparent\"><\/div>\n<p style=\"text-align: left;\"><a href=\"https:\/\/www.infanterix.de\/fr\/ueber-uns\/\" target=\"_self\" class=\"button small  with_shadow\" style=\"\">Lire la suite<\/a>\n<\/div><\/div>\n<div class=\"column2\"><div class=\"column_inner\">\n<div class='element_from_left'><div>\n<p><img loading=\"lazy\" decoding=\"async\" class=\"alignnone size-medium wp-image-5691\" src=\"https:\/\/www.infanterix.de\/wp-content\/uploads\/2017\/10\/Ueber-uns.png\" alt=\"\" width=\"400\" height=\"372\" \/><\/p>\n<\/div><\/div>\n<\/div><\/div><\/div>\n<\/div><\/section>\n<div style=\"margin-top:0px;margin-bottom:70px;\" class=\"separator full_width\"><\/div>\n<section id=\"3\" style=\"background-image:url(); background-color:#ffffff;\" data-height=\"\" data-title=\"...\"><div class=\"parallax_content center\">\n<div class=\"two_columns_50_50 clearfix\"><div class=\"column1\"><div class=\"column_inner\">\n<div class='element_from_right'><div>\n<p><img loading=\"lazy\" decoding=\"async\" class=\"alignnone wp-image-6648 size-full\" src=\"https:\/\/www.infanterix.de\/wp-content\/uploads\/2017\/10\/Paedagogik.png\" alt=\"\" width=\"775\" height=\"620\" srcset=\"https:\/\/www.infanterix.de\/wp-content\/uploads\/2017\/10\/Paedagogik.png 775w, https:\/\/www.infanterix.de\/wp-content\/uploads\/2017\/10\/Paedagogik-400x320.png 400w, https:\/\/www.infanterix.de\/wp-content\/uploads\/2017\/10\/Paedagogik-768x614.png 768w\" sizes=\"(max-width: 775px) 100vw, 775px\" \/><\/p>\n<\/div><\/div>\n<\/div><\/div>\n<div class=\"column2\"><div class=\"column_inner\">\n<div style=\"margin-top:25px;margin-bottom:15px;\" class=\"separator transparent\"><\/div>\n<h2 style=\"text-align: left;\">P\u00e9dagogie<\/h2>\n<div style=\"margin-top:5px;margin-bottom:5px;\" class=\"separator transparent\"><\/div>\n<h3 style=\"text-align: left;\">D\u00e9couvrez les principes p\u00e9dagogiques qui guident notre travail avec vos enfants<\/h3>\n<div style=\"margin-top:15px;margin-bottom:15px;\" class=\"separator transparent\"><\/div>\n<p style=\"text-align: left;\">Notre travail au quotidien s\u2019appuie sur le plan d\u2019\u00e9ducation et de formation bavarois et s\u2019articule autour du bilinguisme, \u00e9l\u00e9ment principal de notre projet p\u00e9dagogique. D\u00e9couvrez ici les comp\u00e9tences d\u00e9velopp\u00e9es chez Infanterix.<\/p>\n<div style=\"margin-top:10px;margin-bottom:15px;\" class=\"separator transparent\"><\/div>\n<p style=\"text-align: left;\"><a href=\"https:\/\/www.infanterix.de\/fr\/paedagogik\/\" target=\"_self\" class=\"button small  with_shadow\" style=\"\">Lire la suite<\/a>\n<\/div><\/div><\/div>\n<\/div><\/section>\n<div style=\"margin-top:70px;margin-bottom:0px;\" class=\"separator full_width\"><\/div>\n<section id=\"4\" style=\"background-image:url(); background-color:#f8f8f8;\" data-height=\"\" data-title=\"...\"><div class=\"parallax_content center\">\n<div style=\"margin-top:40px;margin-bottom:30px;\" class=\"separator transparent\"><\/div>\n<h2>Carri\u00e8res<\/h2>\n<div style=\"margin-top:5px;margin-bottom:5px;\" class=\"separator transparent\"><\/div>\n<h3>Rejoindre les \u00e9quipes Infanterix : nos offres d&#8217;emploi<\/h3>\n<div style=\"margin-top:35px;margin-bottom:35px;\" class=\"separator transparent\"><\/div>\n<div class=\"two_columns_50_50 clearfix\"><div class=\"column1\"><div class=\"column_inner\">\n<div style=\"margin-top:15px;margin-bottom:15px;\" class=\"separator transparent\"><\/div>\n<p style=\"text-align: left;\">Nous employons plus de 300 collaborateurs, r\u00e9partis dans nos 20 structures d&rsquo;accueil du jeune enfant. Infanterix se d\u00e9veloppe rapidement et nous recrutons toute l&rsquo;ann\u00e9e du personnel comp\u00e9tent et motiv\u00e9. Vous souhaitez en savoir plus sur nos opportunit\u00e9s ? N\u2019h\u00e9sitez pas \u00e0 prendre connaissance de nos offres \u2026 et \u00e0 postuler!<\/p>\n<p style=\"text-align: left;\"><div style=\"margin-top:10px;margin-bottom:15px;\" class=\"separator transparent\"><\/div>\n<p style=\"text-align: left;\"><a href=\"https:\/\/www.infanterix.de\/fr\/karriere\/\" target=\"_self\" class=\"button small  with_shadow\" style=\"\">Lire la suite<\/a>\n<\/div><\/div>\n<div class=\"column2\"><div class=\"column_inner\">\n<div class='element_from_left'><div>\n<p><img loading=\"lazy\" decoding=\"async\" class=\"alignnone size-medium wp-image-5691\" src=\"https:\/\/www.infanterix.de\/wp-content\/uploads\/2017\/10\/Karriere.png\" alt=\"\" width=\"400\" height=\"372\" \/><\/p>\n<\/div><\/div>\n<\/div><\/div><\/div>\n<\/div><\/section>\n<\/section>\n<div style=\"margin-top:70px;margin-bottom:0px;\" class=\"separator transparent\"><\/div>\n","protected":false},"excerpt":{"rendered":"","protected":false},"author":3,"featured_media":0,"parent":0,"menu_order":0,"comment_status":"closed","ping_status":"closed","template":"full_width.php","meta":{"footnotes":""},"class_list":["post-2","page","type-page","status-publish","hentry"],"translation":{"provider":"WPGlobus","version":"2.12.0","language":"fr","enabled_languages":["de","en","fr"],"languages":{"de":{"title":true,"content":true,"excerpt":false},"en":{"title":true,"content":true,"excerpt":false},"fr":{"title":true,"content":true,"excerpt":false}}},"_links":{"self":[{"href":"https:\/\/www.infanterix.de\/fr\/wp-json\/wp\/v2\/pages\/2","targetHints":{"allow":["GET"]}}],"collection":[{"href":"https:\/\/www.infanterix.de\/fr\/wp-json\/wp\/v2\/pages"}],"about":[{"href":"https:\/\/www.infanterix.de\/fr\/wp-json\/wp\/v2\/types\/page"}],"author":[{"embeddable":true,"href":"https:\/\/www.infanterix.de\/fr\/wp-json\/wp\/v2\/users\/3"}],"replies":[{"embeddable":true,"href":"https:\/\/www.infanterix.de\/fr\/wp-json\/wp\/v2\/comments?post=2"}],"version-history":[{"count":24,"href":"https:\/\/www.infanterix.de\/fr\/wp-json\/wp\/v2\/pages\/2\/revisions"}],"predecessor-version":[{"id":36442,"href":"https:\/\/www.infanterix.de\/fr\/wp-json\/wp\/v2\/pages\/2\/revisions\/36442"}],"wp:attachment":[{"href":"https:\/\/www.infanterix.de\/fr\/wp-json\/wp\/v2\/media?parent=2"}],"curies":[{"name":"wp","href":"https:\/\/api.w.org\/{rel}","templated":true}]}}